{"id":162,"date":"2023-07-10T19:30:04","date_gmt":"2023-07-10T17:30:04","guid":{"rendered":"http:\/\/atelierdelamaingauche.fr\/?page_id=162"},"modified":"2023-07-12T15:34:20","modified_gmt":"2023-07-12T13:34:20","slug":"qui-sommes-nous","status":"publish","type":"page","link":"http:\/\/atelierdelamaingauche.fr\/index.php\/qui-sommes-nous\/","title":{"rendered":"Qui sommes-nous ?"},"content":{"rendered":"\n<div class=\"wp-block-media-text alignwide is-stacked-on-mobile\"><figure class=\"wp-block-media-text__media\"><img fetchpriority=\"high\" decoding=\"async\" width=\"1024\" height=\"685\" src=\"http:\/\/atelierdelamaingauche.fr\/wp-content\/uploads\/2023\/07\/Vitrine-Papin-reflets-1024x685.jpg\" alt=\"\" class=\"wp-image-73 size-full\" srcset=\"http:\/\/atelierdelamaingauche.fr\/wp-content\/uploads\/2023\/07\/Vitrine-Papin-reflets-1024x685.jpg 1024w, http:\/\/atelierdelamaingauche.fr\/wp-content\/uploads\/2023\/07\/Vitrine-Papin-reflets-300x201.jpg 300w, http:\/\/atelierdelamaingauche.fr\/wp-content\/uploads\/2023\/07\/Vitrine-Papin-reflets-768x514.jpg 768w, http:\/\/atelierdelamaingauche.fr\/wp-content\/uploads\/2023\/07\/Vitrine-Papin-reflets-1536x1027.jpg 1536w, http:\/\/atelierdelamaingauche.fr\/wp-content\/uploads\/2023\/07\/Vitrine-Papin-reflets-2048x1370.jpg 2048w\" sizes=\"(max-width: 1024px) 100vw, 1024px\" \/><\/figure><div class=\"wp-block-media-text__content\">\n<p>L\u2019Atelier de la Main Gauche est n\u00e9 en septembre 2007 du d\u00e9sir de faire exister un lieu collectif et dynamique adapt\u00e9 aux exigences d\u2019un travail artistique professionnel et contemporain de gravure et plus largement de l\u2019estampe.<br>Il est tout \u00e0 la fois un lieu de cr\u00e9ation, de diffusion et de formation.<\/p>\n\n\n\n<p><\/p>\n<\/div><\/div>\n\n\n\n<div class=\"wp-block-media-text alignwide has-media-on-the-right is-stacked-on-mobile\"><div class=\"wp-block-media-text__content\">\n<p>L&#8217;Atelier de la Main Gauche est avant tout un atelier professionnel permettant \u00e0 des artistes r\u00e9sidents ou ext\u00e9rieurs d\u2019exercer quotidiennement la gravure dans des conditions de travail adapt\u00e9es.<br>C\u2019est un laboratoire quotidien o\u00f9 se con\u00e7oivent et naissent des \u0153uvres d\u2019art originales.<br><br>Au del\u00e0 d\u2019une mutualisation des moyens, l\u2019atelier collectif est le choix d\u00e9lib\u00e9r\u00e9 d\u2019un espace de travail dynamique et ouvert.<\/p>\n\n\n\n<p><\/p>\n<\/div><figure class=\"wp-block-media-text__media\"><img decoding=\"async\" width=\"2560\" height=\"1707\" src=\"http:\/\/atelierdelamaingauche.fr\/wp-content\/uploads\/2023\/07\/IMGP6993-scaled.jpg\" alt=\"\" class=\"wp-image-144 size-full\" srcset=\"http:\/\/atelierdelamaingauche.fr\/wp-content\/uploads\/2023\/07\/IMGP6993-scaled.jpg 2560w, http:\/\/atelierdelamaingauche.fr\/wp-content\/uploads\/2023\/07\/IMGP6993-300x200.jpg 300w, http:\/\/atelierdelamaingauche.fr\/wp-content\/uploads\/2023\/07\/IMGP6993-1024x683.jpg 1024w, http:\/\/atelierdelamaingauche.fr\/wp-content\/uploads\/2023\/07\/IMGP6993-768x512.jpg 768w, http:\/\/atelierdelamaingauche.fr\/wp-content\/uploads\/2023\/07\/IMGP6993-1536x1024.jpg 1536w, http:\/\/atelierdelamaingauche.fr\/wp-content\/uploads\/2023\/07\/IMGP6993-2048x1365.jpg 2048w, http:\/\/atelierdelamaingauche.fr\/wp-content\/uploads\/2023\/07\/IMGP6993-1170x780.jpg 1170w\" sizes=\"(max-width: 2560px) 100vw, 2560px\" \/><\/figure><\/div>\n\n\n\n<div class=\"wp-block-media-text alignwide is-stacked-on-mobile\"><figure class=\"wp-block-media-text__media\"><img decoding=\"async\" width=\"1024\" height=\"681\" src=\"http:\/\/atelierdelamaingauche.fr\/wp-content\/uploads\/2023\/07\/IMGP9704-1024x681.jpg\" alt=\"\" class=\"wp-image-71 size-full\" srcset=\"http:\/\/atelierdelamaingauche.fr\/wp-content\/uploads\/2023\/07\/IMGP9704-1024x681.jpg 1024w, http:\/\/atelierdelamaingauche.fr\/wp-content\/uploads\/2023\/07\/IMGP9704-300x199.jpg 300w, http:\/\/atelierdelamaingauche.fr\/wp-content\/uploads\/2023\/07\/IMGP9704-768x511.jpg 768w, http:\/\/atelierdelamaingauche.fr\/wp-content\/uploads\/2023\/07\/IMGP9704-1536x1021.jpg 1536w, http:\/\/atelierdelamaingauche.fr\/wp-content\/uploads\/2023\/07\/IMGP9704-2048x1362.jpg 2048w\" sizes=\"(max-width: 1024px) 100vw, 1024px\" \/><\/figure><div class=\"wp-block-media-text__content\">\n<p>L\u2019Atelier de la Main Gauche propose tout au long de l\u2019ann\u00e9e des formations en gravure dispens\u00e9es par les artistes r\u00e9sidents du lieu ou par des artistes ext\u00e9rieurs.<br>Ces formations s\u2019adressent aussi bien \u00e0 un public amateur qu\u2019\u00e0 des artistes professionnels.<\/p>\n\n\n\n<p><\/p>\n<\/div><\/div>\n","protected":false},"excerpt":{"rendered":"<p>L\u2019Atelier de la Main Gauche est n\u00e9 en septembre 2007 du d\u00e9sir de faire exister un lieu collectif et dynamique adapt\u00e9 aux exigences d\u2019un travail artistique professionnel et contemporain de gravure et plus largement de l\u2019estampe.Il est tout \u00e0 la fois un lieu de cr\u00e9ation, de diffusion et de formation. L&#8217;Atelier de la Main Gauche [&hellip;]<\/p>\n","protected":false},"author":1,"featured_media":0,"parent":0,"menu_order":0,"comment_status":"closed","ping_status":"closed","template":"","meta":{"footnotes":""},"class_list":["post-162","page","type-page","status-publish","hentry"],"_links":{"self":[{"href":"http:\/\/atelierdelamaingauche.fr\/index.php\/wp-json\/wp\/v2\/pages\/162","targetHints":{"allow":["GET"]}}],"collection":[{"href":"http:\/\/atelierdelamaingauche.fr\/index.php\/wp-json\/wp\/v2\/pages"}],"about":[{"href":"http:\/\/atelierdelamaingauche.fr\/index.php\/wp-json\/wp\/v2\/types\/page"}],"author":[{"embeddable":true,"href":"http:\/\/atelierdelamaingauche.fr\/index.php\/wp-json\/wp\/v2\/users\/1"}],"replies":[{"embeddable":true,"href":"http:\/\/atelierdelamaingauche.fr\/index.php\/wp-json\/wp\/v2\/comments?post=162"}],"version-history":[{"count":3,"href":"http:\/\/atelierdelamaingauche.fr\/index.php\/wp-json\/wp\/v2\/pages\/162\/revisions"}],"predecessor-version":[{"id":173,"href":"http:\/\/atelierdelamaingauche.fr\/index.php\/wp-json\/wp\/v2\/pages\/162\/revisions\/173"}],"wp:attachment":[{"href":"http:\/\/atelierdelamaingauche.fr\/index.php\/wp-json\/wp\/v2\/media?parent=162"}],"curies":[{"name":"wp","href":"https:\/\/api.w.org\/{rel}","templated":true}]}}